{"id":313,"date":"2022-12-09T20:31:06","date_gmt":"2022-12-09T20:31:06","guid":{"rendered":"http:\/\/www.teresacantalejo.com\/index.php\/about\/"},"modified":"2025-09-23T09:14:01","modified_gmt":"2025-09-23T09:14:01","slug":"about","status":"publish","type":"page","link":"https:\/\/www.teresacantalejo.com\/index.php\/about\/","title":{"rendered":"About"},"content":{"rendered":"\t\t<div data-elementor-type=\"wp-page\" data-elementor-id=\"313\" class=\"elementor elementor-313\">\n\t\t\t\t\t\t<section class=\"elementor-section elementor-top-section elementor-element elementor-element-3fc0c7a9 elementor-section-boxed elementor-section-height-default elementor-section-height-default\" data-id=\"3fc0c7a9\" data-element_type=\"section\" data-e-type=\"section\">\n\t\t\t\t\t\t<div class=\"elementor-container elementor-column-gap-default\">\n\t\t\t\t\t<div class=\"elementor-column elementor-col-100 elementor-top-column elementor-element elementor-element-6b1c913d\" data-id=\"6b1c913d\" data-element_type=\"column\" data-e-type=\"column\">\n\t\t\t<div class=\"elementor-widget-wrap elementor-element-populated\">\n\t\t\t\t\t\t<div class=\"elementor-element elementor-element-491aeb94 elementor-widget__width-auto elementor-align-center elementor-widget elementor-widget-lottie\" data-id=\"491aeb94\" data-element_type=\"widget\" data-e-type=\"widget\" data-settings=\"{&quot;source_json&quot;:{&quot;url&quot;:&quot;https:\\\/\\\/www.teresacantalejo.com\\\/wp-content\\\/uploads\\\/2022\\\/12\\\/scroll-down.json&quot;,&quot;id&quot;:302,&quot;size&quot;:&quot;&quot;},&quot;loop&quot;:&quot;yes&quot;,&quot;play_speed&quot;:{&quot;unit&quot;:&quot;px&quot;,&quot;size&quot;:&quot;0.5&quot;,&quot;sizes&quot;:[]},&quot;link_to&quot;:&quot;custom&quot;,&quot;custom_link&quot;:{&quot;url&quot;:&quot;#ourgoal&quot;,&quot;is_external&quot;:&quot;&quot;,&quot;nofollow&quot;:&quot;&quot;,&quot;custom_attributes&quot;:&quot;&quot;},&quot;source&quot;:&quot;media_file&quot;,&quot;caption_source&quot;:&quot;none&quot;,&quot;trigger&quot;:&quot;arriving_to_viewport&quot;,&quot;viewport&quot;:{&quot;unit&quot;:&quot;%&quot;,&quot;size&quot;:&quot;&quot;,&quot;sizes&quot;:{&quot;start&quot;:0,&quot;end&quot;:100}},&quot;start_point&quot;:{&quot;unit&quot;:&quot;%&quot;,&quot;size&quot;:&quot;0&quot;,&quot;sizes&quot;:[]},&quot;end_point&quot;:{&quot;unit&quot;:&quot;%&quot;,&quot;size&quot;:&quot;100&quot;,&quot;sizes&quot;:[]},&quot;renderer&quot;:&quot;svg&quot;}\" data-widget_type=\"lottie.default\">\n\t\t\t\t<div class=\"elementor-widget-container\">\n\t\t\t\t\t<a class=\"e-lottie__container__link\" href=\"#ourgoal\"><div class=\"e-lottie__container\"><div class=\"e-lottie__animation\"><\/div><\/div><\/a>\t\t\t\t<\/div>\n\t\t\t\t<\/div>\n\t\t\t\t\t<\/div>\n\t\t<\/div>\n\t\t\t\t\t<\/div>\n\t\t<\/section>\n\t\t\t\t<section class=\"elementor-section elementor-top-section elementor-element elementor-element-59e979e6 elementor-section-height-min-height elementor-section-boxed elementor-section-height-default elementor-section-items-middle\" data-id=\"59e979e6\" data-element_type=\"section\" data-e-type=\"section\" id=\"ourgoal\">\n\t\t\t\t\t\t<div class=\"elementor-container elementor-column-gap-default\">\n\t\t\t\t\t<div class=\"elementor-column elementor-col-50 elementor-top-column elementor-element elementor-element-19d1b7ee\" data-id=\"19d1b7ee\" data-element_type=\"column\" data-e-type=\"column\">\n\t\t\t<div class=\"elementor-widget-wrap elementor-element-populated\">\n\t\t\t\t\t\t<div class=\"elementor-element elementor-element-7e9227eb elementor-widget elementor-widget-heading\" data-id=\"7e9227eb\" data-element_type=\"widget\" data-e-type=\"widget\" data-widget_type=\"heading.default\">\n\t\t\t\t\t<h3 class=\"elementor-heading-title elementor-size-default\">Inicios<\/h3>\t\t\t\t<\/div>\n\t\t\t\t<div class=\"elementor-element elementor-element-28328af3 elementor-widget elementor-widget-text-editor\" data-id=\"28328af3\" data-element_type=\"widget\" data-e-type=\"widget\" data-widget_type=\"text-editor.default\">\n\t\t\t\t\t\t\t\t\t<p>Teresa Cantalejo<\/p>\t\t\t\t\t\t\t\t<\/div>\n\t\t\t\t\t<\/div>\n\t\t<\/div>\n\t\t\t\t<div class=\"elementor-column elementor-col-50 elementor-top-column elementor-element elementor-element-51815ab9\" data-id=\"51815ab9\" data-element_type=\"column\" data-e-type=\"column\">\n\t\t\t<div class=\"elementor-widget-wrap elementor-element-populated\">\n\t\t\t\t\t\t<div class=\"elementor-element elementor-element-3568ccf2 elementor-widget elementor-widget-text-editor\" data-id=\"3568ccf2\" data-element_type=\"widget\" data-e-type=\"widget\" data-widget_type=\"text-editor.default\">\n\t\t\t\t\t\t\t\t\t<p>Desde peque\u00f1a, Teresa Cantalejo mostr\u00f3 mucho inter\u00e9s en la m\u00fasica, lo que le llev\u00f3 con seis a\u00f1os a iniciarse en los estudios de piano con la profesora Mar\u00eda Victoria Rojo. Unos a\u00f1os despu\u00e9s, ingres\u00f3 en el Conservatorio Profesional de Segovia donde continu\u00f3 su formaci\u00f3n con Almudena Alemany. Es en este momento donde descubre su vocaci\u00f3n de pedagoga. Por otro lado, mientras estudiaba Grado Profesional de Piano, estuvo asistiendo a clases de \u00f3rgano con el profesor Bruno Forst lo que le ayud\u00f3 a ampliar conocimientos y a realizar diferentes conciertos y recitales.<\/p>\t\t\t\t\t\t\t\t<\/div>\n\t\t\t\t\t<\/div>\n\t\t<\/div>\n\t\t\t\t\t<\/div>\n\t\t<\/section>\n\t\t\t\t<section class=\"elementor-section elementor-top-section elementor-element elementor-element-4e42f7ed elementor-section-height-min-height elementor-section-boxed elementor-section-height-default elementor-section-items-middle\" data-id=\"4e42f7ed\" data-element_type=\"section\" data-e-type=\"section\">\n\t\t\t\t\t\t<div class=\"elementor-container elementor-column-gap-default\">\n\t\t\t\t\t<div class=\"elementor-column elementor-col-100 elementor-top-column elementor-element elementor-element-196cb283\" data-id=\"196cb283\" data-element_type=\"column\" data-e-type=\"column\">\n\t\t\t<div class=\"elementor-widget-wrap elementor-element-populated\">\n\t\t\t\t\t\t<section class=\"elementor-section elementor-inner-section elementor-element elementor-element-2192a1d3 elementor-section-content-middle elementor-reverse-mobile elementor-section-height-min-height elementor-section-boxed elementor-section-height-default\" data-id=\"2192a1d3\" data-element_type=\"section\" data-e-type=\"section\">\n\t\t\t\t\t\t<div class=\"elementor-container elementor-column-gap-default\">\n\t\t\t\t\t<div class=\"elementor-column elementor-col-50 elementor-inner-column elementor-element elementor-element-3662057e\" data-id=\"3662057e\" data-element_type=\"column\" data-e-type=\"column\">\n\t\t\t<div class=\"elementor-widget-wrap elementor-element-populated\">\n\t\t\t\t\t\t<div class=\"elementor-element elementor-element-772c403e elementor-widget elementor-widget-heading\" data-id=\"772c403e\" data-element_type=\"widget\" data-e-type=\"widget\" data-widget_type=\"heading.default\">\n\t\t\t\t\t<h3 class=\"elementor-heading-title elementor-size-default\">teresa cantalejo<\/h3>\t\t\t\t<\/div>\n\t\t\t\t<div class=\"elementor-element elementor-element-6b7a8e24 elementor-widget elementor-widget-text-editor\" data-id=\"6b7a8e24\" data-element_type=\"widget\" data-e-type=\"widget\" data-widget_type=\"text-editor.default\">\n\t\t\t\t\t\t\t\t\t<p>pianista y pedagoga<\/p>\t\t\t\t\t\t\t\t<\/div>\n\t\t\t\t<div class=\"elementor-element elementor-element-214532dd elementor-widget elementor-widget-text-editor\" data-id=\"214532dd\" data-element_type=\"widget\" data-e-type=\"widget\" data-widget_type=\"text-editor.default\">\n\t\t\t\t\t\t\t\t\t<p>El piano siempre ha estado presente en su vida. Es el primer v\u00e9rtice de su trayectoria profesional. Ganadora del tercer premio en el Primer Concurso Infantil de Piano Santa Cecilia, del que luego ha formado parte del jurado en varias ocasiones y del que han salido grandes int\u00e9rpretes, ampliaba su formaci\u00f3n del Conservatorio con cursos y masterclass con grandes pianistas y profesores. Aunque realiz\u00f3 primero el Superior de Pedagog\u00eda, nunca dej\u00f3 de estudiar piano. Recibi\u00f3 clases de Miguel \u00c1ngel Ortega Chavaldas y continu\u00f3 haciendo cursos y masterclass como los cursos Universitarios M\u00fasica en Compostela de los que guarda un buen\u00edsimo recuerdo porque le descubrieron el tercer v\u00e9rtice de su vida musical (del que hablaremos un poco m\u00e1s adelante), ya que adem\u00e1s de asistir como alumna de Piano, lo hizo como alumna de Polifon\u00eda.<\/p><p>Despu\u00e9s de finalizar el Superior de Pedagog\u00eda del Lenguaje y la Educaci\u00f3n Musical, comenz\u00f3 en A Coru\u00f1a sus estudios superiores de Piano que continu\u00f3 con un M\u00e1ster en Piano Cl\u00e1sico en el Conservatorium of Maastricht con la profesora Katia Veekmans.<\/p><p>En el desarrollo de su carrera como pianista ha tenido la oportunidad de participar en diferentes ciclos y recitales en diversas ciudades en Espa\u00f1a, B\u00e9lgica u Holanda.<\/p><p>En los \u00faltimos a\u00f1os, se ha especializado en repertorio vocal y de violonchelo, y recientemente ha comenzado con el acompa\u00f1amiento de bailarines, especialmente de danza espa\u00f1ola.<\/p>\t\t\t\t\t\t\t\t<\/div>\n\t\t\t\t\t<\/div>\n\t\t<\/div>\n\t\t\t\t<div class=\"elementor-column elementor-col-50 elementor-inner-column elementor-element elementor-element-51ab7b2b\" data-id=\"51ab7b2b\" data-element_type=\"column\" data-e-type=\"column\" data-settings=\"{&quot;background_background&quot;:&quot;classic&quot;}\">\n\t\t\t<div class=\"elementor-widget-wrap elementor-element-populated\">\n\t\t\t\t\t\t<div class=\"elementor-element elementor-element-356bec06 elementor-widget elementor-widget-spacer\" data-id=\"356bec06\" data-element_type=\"widget\" data-e-type=\"widget\" data-widget_type=\"spacer.default\">\n\t\t\t\t\t\t\t<div class=\"elementor-spacer\">\n\t\t\t<div class=\"elementor-spacer-inner\"><\/div>\n\t\t<\/div>\n\t\t\t\t\t\t<\/div>\n\t\t\t\t\t<\/div>\n\t\t<\/div>\n\t\t\t\t\t<\/div>\n\t\t<\/section>\n\t\t\t\t<section class=\"elementor-section elementor-inner-section elementor-element elementor-element-cb4df2c elementor-section-content-middle elementor-reverse-mobile elementor-section-height-min-height elementor-section-boxed elementor-section-height-default\" data-id=\"cb4df2c\" data-element_type=\"section\" data-e-type=\"section\">\n\t\t\t\t\t\t<div class=\"elementor-container elementor-column-gap-custom\">\n\t\t\t\t\t<div class=\"elementor-column elementor-col-50 elementor-inner-column elementor-element elementor-element-269246d\" data-id=\"269246d\" data-element_type=\"column\" data-e-type=\"column\" data-settings=\"{&quot;background_background&quot;:&quot;classic&quot;}\">\n\t\t\t<div class=\"elementor-widget-wrap elementor-element-populated\">\n\t\t\t\t\t\t<div class=\"elementor-element elementor-element-0b3e56c elementor-widget elementor-widget-spacer\" data-id=\"0b3e56c\" data-element_type=\"widget\" data-e-type=\"widget\" data-widget_type=\"spacer.default\">\n\t\t\t\t\t\t\t<div class=\"elementor-spacer\">\n\t\t\t<div class=\"elementor-spacer-inner\"><\/div>\n\t\t<\/div>\n\t\t\t\t\t\t<\/div>\n\t\t\t\t\t<\/div>\n\t\t<\/div>\n\t\t\t\t<div class=\"elementor-column elementor-col-50 elementor-inner-column elementor-element elementor-element-7d9fd50\" data-id=\"7d9fd50\" data-element_type=\"column\" data-e-type=\"column\">\n\t\t\t<div class=\"elementor-widget-wrap elementor-element-populated\">\n\t\t\t\t\t\t<div class=\"elementor-element elementor-element-06c7b40 elementor-widget elementor-widget-text-editor\" data-id=\"06c7b40\" data-element_type=\"widget\" data-e-type=\"widget\" data-widget_type=\"text-editor.default\">\n\t\t\t\t\t\t\t\t\t<p>la pedagog\u00eda<\/p>\t\t\t\t\t\t\t\t<\/div>\n\t\t\t\t<div class=\"elementor-element elementor-element-4f3ee06 elementor-widget elementor-widget-text-editor\" data-id=\"4f3ee06\" data-element_type=\"widget\" data-e-type=\"widget\" data-widget_type=\"text-editor.default\">\n\t\t\t\t\t\t\t\t\t<p>El segundo v\u00e9rtice de la vida profesional de Teresa es el Lenguaje Musical. Nada m\u00e1s terminar Grado Profesional, realiz\u00f3 las pruebas de acceso a la especialidad de Pedagog\u00eda del Lenguaje y la Educaci\u00f3n Musical en el Real Conservatorio Superior de M\u00fasica de Madrid. All\u00ed tuvo el privilegio de recibir clases de grandes pedagogos como Encarnaci\u00f3n L\u00f3pez de Arenosa, F\u00e9lix Sierra o Ana Mar\u00eda Navarrete entre otros. Desde ese momento su actividad profesional se enfoc\u00f3 principalmente en la ense\u00f1anza del Lenguaje Musical y del Piano. Recientemente ha finalizado un M\u00e1ster en Investigaci\u00f3n Musical por la UNIR, cuyo trabajo ha estado centrado en la educaci\u00f3n auditiva y el desarrollo del o\u00eddo absoluto.<\/p>\t\t\t\t\t\t\t\t<\/div>\n\t\t\t\t\t<\/div>\n\t\t<\/div>\n\t\t\t\t\t<\/div>\n\t\t<\/section>\n\t\t\t\t\t<\/div>\n\t\t<\/div>\n\t\t\t\t\t<\/div>\n\t\t<\/section>\n\t\t\t\t<section class=\"elementor-section elementor-top-section elementor-element elementor-element-29d5bb3 elementor-section-boxed elementor-section-height-default elementor-section-height-default\" data-id=\"29d5bb3\" data-element_type=\"section\" data-e-type=\"section\">\n\t\t\t\t\t\t<div class=\"elementor-container elementor-column-gap-default\">\n\t\t\t\t\t<div class=\"elementor-column elementor-col-33 elementor-top-column elementor-element elementor-element-76ecd94\" data-id=\"76ecd94\" data-element_type=\"column\" data-e-type=\"column\">\n\t\t\t<div class=\"elementor-widget-wrap\">\n\t\t\t\t\t\t\t<\/div>\n\t\t<\/div>\n\t\t\t\t<div class=\"elementor-column elementor-col-33 elementor-top-column elementor-element elementor-element-609c908\" data-id=\"609c908\" data-element_type=\"column\" data-e-type=\"column\">\n\t\t\t<div class=\"elementor-widget-wrap elementor-element-populated\">\n\t\t\t\t\t\t<div class=\"elementor-element elementor-element-0b935c1 elementor-widget elementor-widget-text-editor\" data-id=\"0b935c1\" data-element_type=\"widget\" data-e-type=\"widget\" data-widget_type=\"text-editor.default\">\n\t\t\t\t\t\t\t\t\t<p>los coros<\/p>\t\t\t\t\t\t\t\t<\/div>\n\t\t\t\t<div class=\"elementor-element elementor-element-86673ae elementor-widget elementor-widget-text-editor\" data-id=\"86673ae\" data-element_type=\"widget\" data-e-type=\"widget\" data-widget_type=\"text-editor.default\">\n\t\t\t\t\t\t\t\t\t<p>El \u00faltimo de los v\u00e9rtices son los coros. El primero contacto con el mundo coral fue en el Coro Joaqu\u00edn Rodrigo de la Universidad SEK. Eso la llev\u00f3 a los cursos de M\u00fasica en Compostela, donde hab\u00eda asistido ya como alumna de Piano, y de all\u00ed y gracias a su traslado a vivir en A Coru\u00f1a, a ingresar en el Coro de la Orquesta Sinf\u00f3nica de Galicia, donde ha tenido la oportunidad de recibir clases de canto, de estudiar las grandes obras del repertotio coral y de trabajar bajo la direcci\u00f3n de las mejores batutas del mundo, enriqueci\u00e9ndose enormemente como profesional.<\/p>\t\t\t\t\t\t\t\t<\/div>\n\t\t\t\t\t<\/div>\n\t\t<\/div>\n\t\t\t\t<div class=\"elementor-column elementor-col-33 elementor-top-column elementor-element elementor-element-37b44c2\" data-id=\"37b44c2\" data-element_type=\"column\" data-e-type=\"column\">\n\t\t\t<div class=\"elementor-widget-wrap\">\n\t\t\t\t\t\t\t<\/div>\n\t\t<\/div>\n\t\t\t\t\t<\/div>\n\t\t<\/section>\n\t\t\t\t<section class=\"elementor-section elementor-top-section elementor-element elementor-element-a74021a elementor-section-boxed elementor-section-height-default elementor-section-height-default\" data-id=\"a74021a\" data-element_type=\"section\" data-e-type=\"section\">\n\t\t\t\t\t\t<div class=\"elementor-container elementor-column-gap-default\">\n\t\t\t\t\t<div class=\"elementor-column elementor-col-100 elementor-top-column elementor-element elementor-element-5410efe\" data-id=\"5410efe\" data-element_type=\"column\" data-e-type=\"column\">\n\t\t\t<div class=\"elementor-widget-wrap elementor-element-populated\">\n\t\t\t\t\t\t<div class=\"elementor-element elementor-element-ccd5719 elementor-widget elementor-widget-spacer\" data-id=\"ccd5719\" data-element_type=\"widget\" data-e-type=\"widget\" data-widget_type=\"spacer.default\">\n\t\t\t\t\t\t\t<div class=\"elementor-spacer\">\n\t\t\t<div class=\"elementor-spacer-inner\"><\/div>\n\t\t<\/div>\n\t\t\t\t\t\t<\/div>\n\t\t\t\t\t<\/div>\n\t\t<\/div>\n\t\t\t\t\t<\/div>\n\t\t<\/section>\n\t\t\t\t<\/div>\n\t\t","protected":false},"excerpt":{"rendered":"<p>Inicios Teresa Cantalejo Desde peque\u00f1a, Teresa Cantalejo mostr\u00f3 mucho inter\u00e9s en la m\u00fasica, lo que le llev\u00f3 con seis a\u00f1os a iniciarse en los estudios de piano con la profesora Mar\u00eda Victoria Rojo. Unos a\u00f1os despu\u00e9s, ingres\u00f3 en el Conservatorio Profesional de Segovia donde continu\u00f3 su formaci\u00f3n con Almudena Alemany. Es en este momento donde [&hellip;]<\/p>\n","protected":false},"author":1,"featured_media":327,"parent":0,"menu_order":0,"comment_status":"closed","ping_status":"closed","template":"elementor_header_footer","meta":{"_seopress_titles_title":"","_seopress_titles_desc":"","_seopress_robots_index":"","_seopress_robots_follow":"","_seopress_robots_imageindex":"","_seopress_robots_snippet":"","_seopress_robots_primary_cat":"","_seopress_robots_breadcrumbs":"","_seopress_robots_freeze_modified_date":"","_seopress_robots_custom_modified_date":"","_seopress_robots_canonical":"","_seopress_social_fb_title":"","_seopress_social_fb_desc":"","_seopress_social_fb_img":"","_seopress_social_fb_img_attachment_id":0,"_seopress_social_fb_img_width":0,"_seopress_social_fb_img_height":0,"_seopress_social_twitter_title":"","_seopress_social_twitter_desc":"","_seopress_social_twitter_img":"","_seopress_social_twitter_img_attachment_id":0,"_seopress_social_twitter_img_width":0,"_seopress_social_twitter_img_height":0,"_seopress_redirections_value":"","_seopress_redirections_enabled":"","_seopress_redirections_enabled_regex":"","_seopress_redirections_logged_status":"both","_seopress_redirections_param":"","_seopress_redirections_type":301,"_seopress_analysis_target_kw":"","footnotes":""},"class_list":["post-313","page","type-page","status-publish","has-post-thumbnail","hentry"],"_links":{"self":[{"href":"https:\/\/www.teresacantalejo.com\/index.php\/wp-json\/wp\/v2\/pages\/313","targetHints":{"allow":["GET"]}}],"collection":[{"href":"https:\/\/www.teresacantalejo.com\/index.php\/wp-json\/wp\/v2\/pages"}],"about":[{"href":"https:\/\/www.teresacantalejo.com\/index.php\/wp-json\/wp\/v2\/types\/page"}],"author":[{"embeddable":true,"href":"https:\/\/www.teresacantalejo.com\/index.php\/wp-json\/wp\/v2\/users\/1"}],"replies":[{"embeddable":true,"href":"https:\/\/www.teresacantalejo.com\/index.php\/wp-json\/wp\/v2\/comments?post=313"}],"version-history":[{"count":18,"href":"https:\/\/www.teresacantalejo.com\/index.php\/wp-json\/wp\/v2\/pages\/313\/revisions"}],"predecessor-version":[{"id":680,"href":"https:\/\/www.teresacantalejo.com\/index.php\/wp-json\/wp\/v2\/pages\/313\/revisions\/680"}],"wp:featuredmedia":[{"embeddable":true,"href":"https:\/\/www.teresacantalejo.com\/index.php\/wp-json\/wp\/v2\/media\/327"}],"wp:attachment":[{"href":"https:\/\/www.teresacantalejo.com\/index.php\/wp-json\/wp\/v2\/media?parent=313"}],"curies":[{"name":"wp","href":"https:\/\/api.w.org\/{rel}","templated":true}]}}